{"id":195171,"date":"2024-03-28T18:02:49","date_gmt":"2024-03-28T18:02:49","guid":{"rendered":"https:\/\/www.foscarini.com\/product\/havana-outdoor-std-of\/"},"modified":"2025-06-11T13:54:45","modified_gmt":"2025-06-11T13:54:45","slug":"havana-outdoor-std-of-fr","status":"publish","type":"product","link":"https:\/\/www.foscarini.com\/fr\/produit\/havana-outdoor-std-of-fr\/","title":{"rendered":"Havana Outdoor Terra"},"content":{"rendered":"<p>Versione da esterno di uno dei bestseller Foscarini, la lampada da terra Havana outdoor \u00e8 ideale per illuminare gli spazi all\u2019aria aperta. Al buio esalta la possibilit\u00e0 di lettura degli spazi. In gruppo crea scenografie di luce dall\u2019aspetto quasi arboreo.<\/p><section class=\"pdp__slider full-height-vh\">\n    <div class=\"swiper-container swiper__pdp\">\n        <div class=\"swiper-wrapper full-height\">\n                                <div class=\"swiper-slide\">\n                                                    <img decoding=\"async\" class=\"full-cover\" src=\"https:\/\/www.foscarini.com\/wp-content\/uploads\/2024\/03\/3.1_Havana-2-150x150.jpg\" srcset=\"https:\/\/www.foscarini.com\/wp-content\/uploads\/2024\/03\/3.1_Havana-2-300x200.jpg 300w, https:\/\/www.foscarini.com\/wp-content\/uploads\/2024\/03\/3.1_Havana-2-1024x683.jpg 1024w, https:\/\/www.foscarini.com\/wp-content\/uploads\/2024\/03\/3.1_Havana-2-768x512.jpg 768w, https:\/\/www.foscarini.com\/wp-content\/uploads\/2024\/03\/3.1_Havana-2-1536x1024.jpg 1536w, https:\/\/www.foscarini.com\/wp-content\/uploads\/2024\/03\/3.1_Havana-2-2048x1365.jpg 2048w, https:\/\/www.foscarini.com\/wp-content\/uploads\/2024\/03\/3.1_Havana-2-800x533.jpg 800w\" alt=\"\" \/>\n                                                                        <\/div>\n                                        <div class=\"swiper-slide\">\n                                                    <img decoding=\"async\" class=\"full-cover\" src=\"https:\/\/www.foscarini.com\/wp-content\/uploads\/2024\/03\/3.4_Havana-2-150x150.jpg\" srcset=\"https:\/\/www.foscarini.com\/wp-content\/uploads\/2024\/03\/3.4_Havana-2-199x300.jpg 199w, https:\/\/www.foscarini.com\/wp-content\/uploads\/2024\/03\/3.4_Havana-2-678x1024.jpg 678w, https:\/\/www.foscarini.com\/wp-content\/uploads\/2024\/03\/3.4_Havana-2-768x1160.jpg 768w, https:\/\/www.foscarini.com\/wp-content\/uploads\/2024\/03\/3.4_Havana-2-800x1208.jpg 800w, https:\/\/www.foscarini.com\/wp-content\/uploads\/2024\/03\/3.4_Havana-2.jpg 980w\" alt=\"\" \/>\n                                                                        <\/div>\n                                        <div class=\"swiper-slide\">\n                                                    <img decoding=\"async\" class=\"full-cover\" src=\"https:\/\/www.foscarini.com\/wp-content\/uploads\/2024\/03\/3.5_Havana-2-150x150.jpg\" srcset=\"https:\/\/www.foscarini.com\/wp-content\/uploads\/2024\/03\/3.5_Havana-2-199x300.jpg 199w, https:\/\/www.foscarini.com\/wp-content\/uploads\/2024\/03\/3.5_Havana-2-678x1024.jpg 678w, https:\/\/www.foscarini.com\/wp-content\/uploads\/2024\/03\/3.5_Havana-2-768x1160.jpg 768w, https:\/\/www.foscarini.com\/wp-content\/uploads\/2024\/03\/3.5_Havana-2-800x1208.jpg 800w, https:\/\/www.foscarini.com\/wp-content\/uploads\/2024\/03\/3.5_Havana-2.jpg 980w\" alt=\"\" \/>\n                                                                        <\/div>\n                                        <div class=\"swiper-slide\">\n                                                    <img decoding=\"async\" class=\"full-cover\" src=\"https:\/\/www.foscarini.com\/wp-content\/uploads\/2024\/03\/3.8_Havana-150x150.jpg\" srcset=\"https:\/\/www.foscarini.com\/wp-content\/uploads\/2024\/03\/3.8_Havana-300x200.jpg 300w, https:\/\/www.foscarini.com\/wp-content\/uploads\/2024\/03\/3.8_Havana-1024x683.jpg 1024w, https:\/\/www.foscarini.com\/wp-content\/uploads\/2024\/03\/3.8_Havana-768x512.jpg 768w, https:\/\/www.foscarini.com\/wp-content\/uploads\/2024\/03\/3.8_Havana-1536x1024.jpg 1536w, https:\/\/www.foscarini.com\/wp-content\/uploads\/2024\/03\/3.8_Havana-2048x1365.jpg 2048w, https:\/\/www.foscarini.com\/wp-content\/uploads\/2024\/03\/3.8_Havana-800x533.jpg 800w\" alt=\"\" \/>\n                                                                        <\/div>\n                                        <div class=\"swiper-slide\">\n                                                    <img decoding=\"async\" class=\"full-cover\" src=\"https:\/\/www.foscarini.com\/wp-content\/uploads\/2024\/03\/3.9_Havana-1-150x150.jpg\" srcset=\"https:\/\/www.foscarini.com\/wp-content\/uploads\/2024\/03\/3.9_Havana-1-199x300.jpg 199w, https:\/\/www.foscarini.com\/wp-content\/uploads\/2024\/03\/3.9_Havana-1-678x1024.jpg 678w, https:\/\/www.foscarini.com\/wp-content\/uploads\/2024\/03\/3.9_Havana-1-768x1160.jpg 768w, https:\/\/www.foscarini.com\/wp-content\/uploads\/2024\/03\/3.9_Havana-1-800x1208.jpg 800w, https:\/\/www.foscarini.com\/wp-content\/uploads\/2024\/03\/3.9_Havana-1.jpg 980w\" alt=\"\" \/>\n                                                                        <\/div>\n                                        <div class=\"swiper-slide\">\n                                                    <img decoding=\"async\" class=\"full-cover\" src=\"https:\/\/www.foscarini.com\/wp-content\/uploads\/2024\/03\/3.10_Havana-1-150x150.jpg\" srcset=\"https:\/\/www.foscarini.com\/wp-content\/uploads\/2024\/03\/3.10_Havana-1-199x300.jpg 199w, https:\/\/www.foscarini.com\/wp-content\/uploads\/2024\/03\/3.10_Havana-1-678x1024.jpg 678w, https:\/\/www.foscarini.com\/wp-content\/uploads\/2024\/03\/3.10_Havana-1-768x1160.jpg 768w, https:\/\/www.foscarini.com\/wp-content\/uploads\/2024\/03\/3.10_Havana-1-800x1208.jpg 800w, https:\/\/www.foscarini.com\/wp-content\/uploads\/2024\/03\/3.10_Havana-1.jpg 980w\" alt=\"\" \/>\n                                                                        <\/div>\n                                        <div class=\"swiper-slide\">\n                                                    <img decoding=\"async\" class=\"full-cover\" src=\"https:\/\/www.foscarini.com\/wp-content\/uploads\/2024\/03\/3.11_Havana-150x150.jpg\" srcset=\"https:\/\/www.foscarini.com\/wp-content\/uploads\/2024\/03\/3.11_Havana-300x300.jpg 300w, https:\/\/www.foscarini.com\/wp-content\/uploads\/2024\/03\/3.11_Havana-1024x1024.jpg 1024w, https:\/\/www.foscarini.com\/wp-content\/uploads\/2024\/03\/3.11_Havana-150x150.jpg 150w, https:\/\/www.foscarini.com\/wp-content\/uploads\/2024\/03\/3.11_Havana-768x768.jpg 768w, https:\/\/www.foscarini.com\/wp-content\/uploads\/2024\/03\/3.11_Havana-400x400.jpg 400w, https:\/\/www.foscarini.com\/wp-content\/uploads\/2024\/03\/3.11_Havana-800x800.jpg 800w, https:\/\/www.foscarini.com\/wp-content\/uploads\/2024\/03\/3.11_Havana-100x100.jpg 100w, https:\/\/www.foscarini.com\/wp-content\/uploads\/2024\/03\/3.11_Havana.jpg 1480w\" alt=\"\" \/>\n                                                                        <\/div>\n                            <\/div>\n    <\/div>\n    <div class=\"swiper-scrollbar\"><\/div>\n    <div class=\"ct-arrow\">\n        <div class=\"swiper-button-prev\"><\/div>\n        <div class=\"swiper-button-next\"><\/div>\n    <\/div>\n<\/section><section class=\"concept__project_comunication full-height-vh\">\n    <div class=\"row row-large\">\n        <div class=\"medium-12 small-12 columns full-height no-padding-right-mobile\">\n            <div class=\"ct-image-text-lateral\">\n                <div class=\"ct-arrow\">\n                    <div class=\"swiper-button-prev\" aria-label=\"previous slide\"><\/div>\n                    <div class=\"swiper-button-next\" aria-label=\"next slide\"><\/div>\n                <\/div>\n                <span class=\"section-name-lateral\">Contenus R\u00e9dactionnels<\/span>\n                <!-- Swiper -->\n                <div class=\"swiper-container swiper__concept__comunication\">\n                    <div class=\"swiper-wrapper\">\n                                                            <div class=\"swiper-slide\">\n                                        <div class=\"ct-slide\">\n                                                                                                <img decoding=\"async\" class=\"full-cover\" src=\"https:\/\/www.foscarini.com\/wp-content\/uploads\/2024\/01\/Modulo1_30Havana-1-150x150.jpg\" srcset=\"https:\/\/www.foscarini.com\/wp-content\/uploads\/2024\/01\/Modulo1_30Havana-1-300x194.jpg 300w, https:\/\/www.foscarini.com\/wp-content\/uploads\/2024\/01\/Modulo1_30Havana-1-800x518.jpg 800w, https:\/\/www.foscarini.com\/wp-content\/uploads\/2024\/01\/Modulo1_30Havana-1-1024x664.jpg 1024w, https:\/\/www.foscarini.com\/wp-content\/uploads\/2024\/01\/Modulo1_30Havana-1-768x498.jpg 768w, https:\/\/www.foscarini.com\/wp-content\/uploads\/2024\/01\/Modulo1_30Havana-1-1536x995.jpg 1536w, https:\/\/www.foscarini.com\/wp-content\/uploads\/2024\/01\/Modulo1_30Havana-1.jpg 2048w\" alt=\"\" \/>\n                                                                                                <div class=\"ct-col-right\">\n                                                <div class=\"ct-link\">\n                                                    <a class=\"link-arrow\" href=\"https:\/\/www.foscarini.com\/fr\/30-ans-de-havana-par-jozeph-forakis\/\">30 ans de Havana par Jozeph Forakis<\/a>\n                                                    <div class=\"text-1\"><p>Une lampe embl\u00e9matique qui a su s\u2019imposer dans les foyers et dans l\u2019imaginaire collectif, devenant un nouvel arch\u00e9type de lampe.<\/p>\n<\/div>\n                                                <\/div>\n                                            <\/div>\n                                        <\/div>\n                                    <\/div>\n                                                                        <div class=\"swiper-slide\">\n                                        <div class=\"ct-slide\">\n                                                                                                <img decoding=\"async\" class=\"full-cover\" src=\"https:\/\/www.foscarini.com\/wp-content\/uploads\/2023\/07\/Modulo1_Wronska-150x150.jpg\" srcset=\"https:\/\/www.foscarini.com\/wp-content\/uploads\/2023\/07\/Modulo1_Wronska-300x194.jpg 300w, https:\/\/www.foscarini.com\/wp-content\/uploads\/2023\/07\/Modulo1_Wronska-800x518.jpg 800w, https:\/\/www.foscarini.com\/wp-content\/uploads\/2023\/07\/Modulo1_Wronska-1024x663.jpg 1024w, https:\/\/www.foscarini.com\/wp-content\/uploads\/2023\/07\/Modulo1_Wronska-768x498.jpg 768w, https:\/\/www.foscarini.com\/wp-content\/uploads\/2023\/07\/Modulo1_Wronska-1536x995.jpg 1536w, https:\/\/www.foscarini.com\/wp-content\/uploads\/2023\/07\/Modulo1_Wronska-2048x1327.jpg 2048w\" alt=\"\" \/>\n                                                                                                <div class=\"ct-col-right\">\n                                                <div class=\"ct-link\">\n                                                    <a class=\"link-arrow\" href=\"https:\/\/www.foscarini.com\/fr\/larchitecture-prend-vie-grace-aux-maja-wronska-et-aux-lampes-foscarini\/\">L\u2019architecture prend vie gr\u00e2ce aux Maja Wro\u0144ska et aux lampes Foscarini<\/a>\n                                                    <div class=\"text-1\"><p>Des aquarelles anim\u00e9es qui suscitent l\u2019\u00e9merveillement et parviennent \u00e0 capter la vie, le passage du temps dans l\u2019architecture urbaine, et dans lesquelles les lampes deviennent un point focal.<\/p>\n<\/div>\n                                                <\/div>\n                                            <\/div>\n                                        <\/div>\n                                    <\/div>\n                                                                        <div class=\"swiper-slide\">\n                                        <div class=\"ct-slide\">\n                                                                                                <img decoding=\"async\" class=\"full-cover\" src=\"https:\/\/www.foscarini.com\/wp-content\/uploads\/2023\/03\/Modulo1_Noma-150x150.jpg\" srcset=\"https:\/\/www.foscarini.com\/wp-content\/uploads\/2023\/03\/Modulo1_Noma-300x194.jpg 300w, https:\/\/www.foscarini.com\/wp-content\/uploads\/2023\/03\/Modulo1_Noma-800x518.jpg 800w, https:\/\/www.foscarini.com\/wp-content\/uploads\/2023\/03\/Modulo1_Noma-1024x663.jpg 1024w, https:\/\/www.foscarini.com\/wp-content\/uploads\/2023\/03\/Modulo1_Noma-768x498.jpg 768w, https:\/\/www.foscarini.com\/wp-content\/uploads\/2023\/03\/Modulo1_Noma-1536x995.jpg 1536w, https:\/\/www.foscarini.com\/wp-content\/uploads\/2023\/03\/Modulo1_Noma-2048x1327.jpg 2048w\" alt=\"\" \/>\n                                                                                                <div class=\"ct-col-right\">\n                                                <div class=\"ct-link\">\n                                                    <a class=\"link-arrow\" href=\"https:\/\/www.foscarini.com\/fr\/la-cle-consiste-a-voir-ce-que-les-autres-ne-voient-pas\/\">La cl\u00e9 consiste \u00e0 voir ce que les autres ne voient pas.<\/a>\n                                                    <div class=\"text-1\"><p>Une conversation avec Noma Bar. Dans cette s\u00e9rie pour le projet \u00ab What&#8217;s in a lamp ? \u00bb les lampes sont les protagonistes de images minimalistes qui r\u00e9v\u00e8lent de multiples niveaux d&#8217;interpr\u00e9tation.<\/p>\n<\/div>\n                                                <\/div>\n                                            <\/div>\n                                        <\/div>\n                                    <\/div>\n                                                                        <div class=\"swiper-slide\">\n                                        <div class=\"ct-slide\">\n                                                                                                <img decoding=\"async\" class=\"full-cover\" src=\"https:\/\/www.foscarini.com\/wp-content\/uploads\/2023\/11\/main_banner_postcard-of-light-150x150.jpeg\" srcset=\"https:\/\/www.foscarini.com\/wp-content\/uploads\/2023\/11\/main_banner_postcard-of-light-300x194.jpeg 300w, https:\/\/www.foscarini.com\/wp-content\/uploads\/2023\/11\/main_banner_postcard-of-light-800x518.jpeg 800w, https:\/\/www.foscarini.com\/wp-content\/uploads\/2023\/11\/main_banner_postcard-of-light-1024x663.jpeg 1024w, https:\/\/www.foscarini.com\/wp-content\/uploads\/2023\/11\/main_banner_postcard-of-light-768x498.jpeg 768w, https:\/\/www.foscarini.com\/wp-content\/uploads\/2023\/11\/main_banner_postcard-of-light-1536x995.jpeg 1536w, https:\/\/www.foscarini.com\/wp-content\/uploads\/2023\/11\/main_banner_postcard-of-light-2048x1327.jpeg 2048w\" alt=\"\" \/>\n                                                                                                <div class=\"ct-col-right\">\n                                                <div class=\"ct-link\">\n                                                    <a class=\"link-arrow\" href=\"https:\/\/www.foscarini.com\/fr\/postcards-of-light\/\">Postcards of Light<\/a>\n                                                    <div class=\"text-1\"><p>Les lampes, emmen\u00e9es dans les rues du monde, deviennent les protagonistes et les t\u00e9moins de fragments de vie.<\/p>\n<\/div>\n                                                <\/div>\n                                            <\/div>\n                                        <\/div>\n                                    <\/div>\n                                                                        <div class=\"swiper-slide\">\n                                        <div class=\"ct-slide\">\n                                                                                                <img decoding=\"async\" class=\"full-cover\" src=\"https:\/\/www.foscarini.com\/wp-content\/uploads\/2023\/12\/Inventario04_1_-150x150.jpeg\" srcset=\"https:\/\/www.foscarini.com\/wp-content\/uploads\/2023\/12\/Inventario04_1_-232x300.jpeg 232w, https:\/\/www.foscarini.com\/wp-content\/uploads\/2023\/12\/Inventario04_1_-768x992.jpeg 768w, https:\/\/www.foscarini.com\/wp-content\/uploads\/2023\/12\/Inventario04_1_-600x775.jpeg 600w, https:\/\/www.foscarini.com\/wp-content\/uploads\/2023\/12\/Inventario04_1_.jpeg 776w\" alt=\"\" \/>\n                                                                                                <div class=\"ct-col-right\">\n                                                <div class=\"ct-link\">\n                                                    <a class=\"link-arrow\" href=\"https:\/\/www.foscarini.com\/fr\/inventario\/inventario-04\/\">Inventario \u00b004<\/a>\n                                                    <div class=\"text-1\"><p>Un espace o\u00f9 l&#8217;on peut s&#8217;entra\u00eener \u00e0 &#8220;mieux voir&#8221;, \u00e0 saisir la force des id\u00e9es mises en jeu sous diff\u00e9rentes latitudes.<\/p>\n<\/div>\n                                                <\/div>\n                                            <\/div>\n                                        <\/div>\n                                    <\/div>\n                                                        <\/div>\n                <\/div>\n            <\/div>\n        <\/div>\n    <\/div>\n<\/section>","protected":false},"excerpt":{"rendered":"<p>Lampadaire fournissant une lumi\u00e8re diffuse. Diffuseur constitu\u00e9 d&#8217;un seul \u00e9l\u00e9ment en poly\u00e9thyl\u00e8ne rotomoul\u00e9 avec invitation directe pour l&#8217;assemblage au support. La tige, la base et le support du diffuseur en m\u00e9tal sont trait\u00e9s par cataphor\u00e8se pour une haute r\u00e9sistance \u00e0 la corrosion, puis rev\u00eatus de poudre \u00e9poxy. Trois versions sont disponibles pour la fixation au sol : base repositionnable, piquet ou cylindre pour l&#8217;enfouissement. C\u00e2ble \u00e9lectrique gain\u00e9 de n\u00e9opr\u00e8ne pour usage ext\u00e9rieur sans interrupteur, \u00e9quip\u00e9 d&#8217;un bornier IP 65 et d&#8217;une seconde fiche Schuko CEE 7\/7 IP44. LED retrofit. Convient aux environnements humides.<\/p>\n","protected":false},"featured_media":467878,"comment_status":"open","ping_status":"closed","template":"","meta":{"_acf_changed":true},"product_cat":[649,716,945,13557,725],"product_tag":[],"materiale":[8328],"altezza":[11862],"larghezza":[11551],"profondita":[11459],"peso":[10303],"designer-prodotto":[10891],"class_list":{"0":"post-195171","1":"product","2":"type-product","3":"status-publish","4":"has-post-thumbnail","6":"product_cat-concetto-fr","7":"product_cat-funzione-fr","8":"product_cat-havana-concetto-fr","9":"product_cat-havana-outdoor-terra-famiglia-fr","10":"product_cat-outdoor-fr","11":"materiale-materiale-plastico-fr","12":"altezza-68-14-fr","13":"larghezza-9-14-fr","14":"profondita-9-14-fr","15":"peso-55-fr","16":"designer-prodotto-jozeph-forakis-fr","18":"first","19":"instock","20":"shipping-taxable","21":"purchasable","22":"product-type-variable"},"acf":{"preview_slider":{"titolo":"","testo":"","video_domanda":false,"link_video":""},"prodotto__immagine_preview":{"immagine":121851},"prodotto__slider":{"sottotitolo":"Jozeph Forakis (2005)","titolo":"Version ext\u00e9rieure de l'un des best-sellers de Foscarini, le lampadaire d'ext\u00e9rieur Havana est id\u00e9al pour \u00e9clairer les espaces ext\u00e9rieurs. Dans l'obscurit\u00e9, il renforce la possibilit\u00e9 d'espaces de lecture. En groupe, elle cr\u00e9e des sc\u00e8nes lumineuses presque arborescentes.","immagini":[{"immagine":310026,"immagine_mobile":null}]},"prodotto__slider_preview":null,"prodotto__specifiche":{"selezione":[{"scheda_tecnica":462733},{"scheda_tecnica":462734}]}},"yoast_head":"<!-- This site is optimized with the Yoast SEO Premium plugin v22.4 (Yoast SEO v23.7) - https:\/\/yoast.com\/wordpress\/plugins\/seo\/ -->\n<title>Havana Outdoor Terra - Foscarini<\/title>\n<meta name=\"robots\" content=\"index, follow, max-snippet:-1, max-image-preview:large, max-video-preview:-1\" \/>\n<meta property=\"og:locale\" content=\"fr_FR\" \/>\n<meta property=\"og:type\" content=\"article\" \/>\n<meta property=\"og:title\" content=\"Havana Outdoor Terra\" \/>\n<meta property=\"og:description\" content=\"Lampadaire fournissant une lumi\u00e8re diffuse. Diffuseur constitu\u00e9 d&#039;un seul \u00e9l\u00e9ment en poly\u00e9thyl\u00e8ne rotomoul\u00e9 avec invitation directe pour l&#039;assemblage au support. La tige, la base et le support du diffuseur en m\u00e9tal sont trait\u00e9s par cataphor\u00e8se pour une haute r\u00e9sistance \u00e0 la corrosion, puis rev\u00eatus de poudre \u00e9poxy. Trois versions sont disponibles pour la fixation au sol : base repositionnable, piquet ou cylindre pour l&#039;enfouissement. C\u00e2ble \u00e9lectrique gain\u00e9 de n\u00e9opr\u00e8ne pour usage ext\u00e9rieur sans interrupteur, \u00e9quip\u00e9 d&#039;un bornier IP 65 et d&#039;une seconde fiche Schuko CEE 7\/7 IP44. LED retrofit. Convient aux environnements humides.\" \/>\n<meta property=\"og:url\" content=\"https:\/\/www.foscarini.com\/fr\/produit\/havana-outdoor-std-of-fr\/\" \/>\n<meta property=\"og:site_name\" content=\"Foscarini\" \/>\n<meta property=\"article:modified_time\" content=\"2025-06-11T13:54:45+00:00\" \/>\n<meta property=\"og:image\" content=\"https:\/\/www.foscarini.com\/wp-content\/uploads\/2025\/06\/havana_of_white_22_786x865-1.jpg\" \/>\n\t<meta property=\"og:image:width\" content=\"786\" \/>\n\t<meta property=\"og:image:height\" content=\"865\" \/>\n\t<meta property=\"og:image:type\" content=\"image\/jpeg\" \/>\n<meta name=\"twitter:card\" content=\"summary_large_image\" \/>\n<meta name=\"twitter:label1\" content=\"Dur\u00e9e de lecture estim\u00e9e\" \/>\n\t<meta name=\"twitter:data1\" content=\"1 minute\" \/>\n<script type=\"application\/ld+json\" class=\"yoast-schema-graph\">{\"@context\":\"https:\/\/schema.org\",\"@graph\":[{\"@type\":\"WebPage\",\"@id\":\"https:\/\/www.foscarini.com\/fr\/produit\/havana-outdoor-std-of-fr\/\",\"url\":\"https:\/\/www.foscarini.com\/fr\/produit\/havana-outdoor-std-of-fr\/\",\"name\":\"Havana Outdoor Terra - Foscarini\",\"isPartOf\":{\"@id\":\"https:\/\/www.foscarini.com\/#website\"},\"primaryImageOfPage\":{\"@id\":\"https:\/\/www.foscarini.com\/fr\/produit\/havana-outdoor-std-of-fr\/#primaryimage\"},\"image\":{\"@id\":\"https:\/\/www.foscarini.com\/fr\/produit\/havana-outdoor-std-of-fr\/#primaryimage\"},\"thumbnailUrl\":\"https:\/\/www.foscarini.com\/wp-content\/uploads\/2025\/06\/havana_of_white_22_786x865-3.jpg\",\"datePublished\":\"2024-03-28T18:02:49+00:00\",\"dateModified\":\"2025-06-11T13:54:45+00:00\",\"breadcrumb\":{\"@id\":\"https:\/\/www.foscarini.com\/fr\/produit\/havana-outdoor-std-of-fr\/#breadcrumb\"},\"inLanguage\":\"fr-FR\",\"potentialAction\":[{\"@type\":\"ReadAction\",\"target\":[\"https:\/\/www.foscarini.com\/fr\/produit\/havana-outdoor-std-of-fr\/\"]}]},{\"@type\":\"ImageObject\",\"inLanguage\":\"fr-FR\",\"@id\":\"https:\/\/www.foscarini.com\/fr\/produit\/havana-outdoor-std-of-fr\/#primaryimage\",\"url\":\"https:\/\/www.foscarini.com\/wp-content\/uploads\/2025\/06\/havana_of_white_22_786x865-3.jpg\",\"contentUrl\":\"https:\/\/www.foscarini.com\/wp-content\/uploads\/2025\/06\/havana_of_white_22_786x865-3.jpg\",\"width\":786,\"height\":865},{\"@type\":\"BreadcrumbList\",\"@id\":\"https:\/\/www.foscarini.com\/fr\/produit\/havana-outdoor-std-of-fr\/#breadcrumb\",\"itemListElement\":[{\"@type\":\"ListItem\",\"position\":1,\"name\":\"Home\",\"item\":\"https:\/\/www.foscarini.com\/fr\/\"},{\"@type\":\"ListItem\",\"position\":2,\"name\":\"Boutique\",\"item\":\"https:\/\/www.foscarini.com\/fr\/boutique\/\"},{\"@type\":\"ListItem\",\"position\":3,\"name\":\"Havana Outdoor Terra\"}]},{\"@type\":\"WebSite\",\"@id\":\"https:\/\/www.foscarini.com\/#website\",\"url\":\"https:\/\/www.foscarini.com\/\",\"name\":\"Foscarini\",\"description\":\"\",\"potentialAction\":[{\"@type\":\"SearchAction\",\"target\":{\"@type\":\"EntryPoint\",\"urlTemplate\":\"https:\/\/www.foscarini.com\/?s={search_term_string}\"},\"query-input\":{\"@type\":\"PropertyValueSpecification\",\"valueRequired\":true,\"valueName\":\"search_term_string\"}}],\"inLanguage\":\"fr-FR\"}]}<\/script>\n<!-- \/ Yoast SEO Premium plugin. -->","yoast_head_json":{"title":"Havana Outdoor Terra - Foscarini","robots":{"index":"index","follow":"follow","max-snippet":"max-snippet:-1","max-image-preview":"max-image-preview:large","max-video-preview":"max-video-preview:-1"},"og_locale":"fr_FR","og_type":"article","og_title":"Havana Outdoor Terra","og_description":"Lampadaire fournissant une lumi\u00e8re diffuse. Diffuseur constitu\u00e9 d'un seul \u00e9l\u00e9ment en poly\u00e9thyl\u00e8ne rotomoul\u00e9 avec invitation directe pour l'assemblage au support. La tige, la base et le support du diffuseur en m\u00e9tal sont trait\u00e9s par cataphor\u00e8se pour une haute r\u00e9sistance \u00e0 la corrosion, puis rev\u00eatus de poudre \u00e9poxy. Trois versions sont disponibles pour la fixation au sol : base repositionnable, piquet ou cylindre pour l'enfouissement. C\u00e2ble \u00e9lectrique gain\u00e9 de n\u00e9opr\u00e8ne pour usage ext\u00e9rieur sans interrupteur, \u00e9quip\u00e9 d'un bornier IP 65 et d'une seconde fiche Schuko CEE 7\/7 IP44. LED retrofit. Convient aux environnements humides.","og_url":"https:\/\/www.foscarini.com\/fr\/produit\/havana-outdoor-std-of-fr\/","og_site_name":"Foscarini","article_modified_time":"2025-06-11T13:54:45+00:00","og_image":[{"width":786,"height":865,"url":"https:\/\/www.foscarini.com\/wp-content\/uploads\/2025\/06\/havana_of_white_22_786x865-1.jpg","type":"image\/jpeg"}],"twitter_card":"summary_large_image","twitter_misc":{"Dur\u00e9e de lecture estim\u00e9e":"1 minute"},"schema":{"@context":"https:\/\/schema.org","@graph":[{"@type":"WebPage","@id":"https:\/\/www.foscarini.com\/fr\/produit\/havana-outdoor-std-of-fr\/","url":"https:\/\/www.foscarini.com\/fr\/produit\/havana-outdoor-std-of-fr\/","name":"Havana Outdoor Terra - Foscarini","isPartOf":{"@id":"https:\/\/www.foscarini.com\/#website"},"primaryImageOfPage":{"@id":"https:\/\/www.foscarini.com\/fr\/produit\/havana-outdoor-std-of-fr\/#primaryimage"},"image":{"@id":"https:\/\/www.foscarini.com\/fr\/produit\/havana-outdoor-std-of-fr\/#primaryimage"},"thumbnailUrl":"https:\/\/www.foscarini.com\/wp-content\/uploads\/2025\/06\/havana_of_white_22_786x865-3.jpg","datePublished":"2024-03-28T18:02:49+00:00","dateModified":"2025-06-11T13:54:45+00:00","breadcrumb":{"@id":"https:\/\/www.foscarini.com\/fr\/produit\/havana-outdoor-std-of-fr\/#breadcrumb"},"inLanguage":"fr-FR","potentialAction":[{"@type":"ReadAction","target":["https:\/\/www.foscarini.com\/fr\/produit\/havana-outdoor-std-of-fr\/"]}]},{"@type":"ImageObject","inLanguage":"fr-FR","@id":"https:\/\/www.foscarini.com\/fr\/produit\/havana-outdoor-std-of-fr\/#primaryimage","url":"https:\/\/www.foscarini.com\/wp-content\/uploads\/2025\/06\/havana_of_white_22_786x865-3.jpg","contentUrl":"https:\/\/www.foscarini.com\/wp-content\/uploads\/2025\/06\/havana_of_white_22_786x865-3.jpg","width":786,"height":865},{"@type":"BreadcrumbList","@id":"https:\/\/www.foscarini.com\/fr\/produit\/havana-outdoor-std-of-fr\/#breadcrumb","itemListElement":[{"@type":"ListItem","position":1,"name":"Home","item":"https:\/\/www.foscarini.com\/fr\/"},{"@type":"ListItem","position":2,"name":"Boutique","item":"https:\/\/www.foscarini.com\/fr\/boutique\/"},{"@type":"ListItem","position":3,"name":"Havana Outdoor Terra"}]},{"@type":"WebSite","@id":"https:\/\/www.foscarini.com\/#website","url":"https:\/\/www.foscarini.com\/","name":"Foscarini","description":"","potentialAction":[{"@type":"SearchAction","target":{"@type":"EntryPoint","urlTemplate":"https:\/\/www.foscarini.com\/?s={search_term_string}"},"query-input":{"@type":"PropertyValueSpecification","valueRequired":true,"valueName":"search_term_string"}}],"inLanguage":"fr-FR"}]}},"_links":{"self":[{"href":"https:\/\/www.foscarini.com\/fr\/wp-json\/wp\/v2\/product\/195171"}],"collection":[{"href":"https:\/\/www.foscarini.com\/fr\/wp-json\/wp\/v2\/product"}],"about":[{"href":"https:\/\/www.foscarini.com\/fr\/wp-json\/wp\/v2\/types\/product"}],"replies":[{"embeddable":true,"href":"https:\/\/www.foscarini.com\/fr\/wp-json\/wp\/v2\/comments?post=195171"}],"wp:featuredmedia":[{"embeddable":true,"href":"https:\/\/www.foscarini.com\/fr\/wp-json\/wp\/v2\/media\/467878"}],"wp:attachment":[{"href":"https:\/\/www.foscarini.com\/fr\/wp-json\/wp\/v2\/media?parent=195171"}],"wp:term":[{"taxonomy":"product_cat","embeddable":true,"href":"https:\/\/www.foscarini.com\/fr\/wp-json\/wp\/v2\/product_cat?post=195171"},{"taxonomy":"product_tag","embeddable":true,"href":"https:\/\/www.foscarini.com\/fr\/wp-json\/wp\/v2\/product_tag?post=195171"},{"taxonomy":"materiale","embeddable":true,"href":"https:\/\/www.foscarini.com\/fr\/wp-json\/wp\/v2\/materiale?post=195171"},{"taxonomy":"altezza","embeddable":true,"href":"https:\/\/www.foscarini.com\/fr\/wp-json\/wp\/v2\/altezza?post=195171"},{"taxonomy":"larghezza","embeddable":true,"href":"https:\/\/www.foscarini.com\/fr\/wp-json\/wp\/v2\/larghezza?post=195171"},{"taxonomy":"profondita","embeddable":true,"href":"https:\/\/www.foscarini.com\/fr\/wp-json\/wp\/v2\/profondita?post=195171"},{"taxonomy":"peso","embeddable":true,"href":"https:\/\/www.foscarini.com\/fr\/wp-json\/wp\/v2\/peso?post=195171"},{"taxonomy":"designer-prodotto","embeddable":true,"href":"https:\/\/www.foscarini.com\/fr\/wp-json\/wp\/v2\/designer-prodotto?post=195171"}],"curies":[{"name":"wp","href":"https:\/\/api.w.org\/{rel}","templated":true}]}}