{"id":29878,"date":"2024-01-12T11:39:35","date_gmt":"2024-01-12T11:39:35","guid":{"rendered":"https:\/\/www.foscarini.com\/designer\/vicente-garcia-jimenez\/"},"modified":"2024-05-31T08:22:00","modified_gmt":"2024-05-31T08:22:00","slug":"vicente-garcia-jimenez","status":"publish","type":"designer","link":"https:\/\/www.foscarini.com\/fr\/designer\/vicente-garcia-jimenez\/","title":{"rendered":"Vicente Garcia Jimenez"},"content":{"rendered":"<section class=\"two_cols__link_and_image full-height-vh \">\n    <div class=\"row row-large \">\n        <div class=\"medium-4 small-12 columns full-height relative col-1\">\n            <div class=\"ct-text\">\n                <span class=\"subtitle js-heading\"><\/span>\n                <div class=\"ct-link\">\n                                        <a class=\"link-arrow title-medium js-heading no-link\" href=\"\"><h2 class=\"text-5\" data-element=\"element_titolo\">Vicente Garcia Jimenez<\/h2>\n<\/a>\n                    <div class=\"text-1 js-heading\"><p>Fields, Le Soleil, Big Bang<\/p>\n<\/div>\n                                    <\/div>\n                <div class=\"join-line\"><\/div>            <\/div>\n        <\/div>\n        <div class=\"medium-8 small-12 columns full-height col-2 no-padding-right-mobile\">\n                                                    <img decoding=\"async\" class=\"full-cover\" src=\"https:\/\/www.foscarini.com\/wp-content\/uploads\/2024\/01\/Modulo1_Jimenez_1776x1326-150x150.jpg\" srcset=\"https:\/\/www.foscarini.com\/wp-content\/uploads\/2024\/01\/Modulo1_Jimenez_1776x1326-300x224.jpg 300w, https:\/\/www.foscarini.com\/wp-content\/uploads\/2024\/01\/Modulo1_Jimenez_1776x1326-800x597.jpg 800w, https:\/\/www.foscarini.com\/wp-content\/uploads\/2024\/01\/Modulo1_Jimenez_1776x1326-1024x765.jpg 1024w, https:\/\/www.foscarini.com\/wp-content\/uploads\/2024\/01\/Modulo1_Jimenez_1776x1326-768x573.jpg 768w, https:\/\/www.foscarini.com\/wp-content\/uploads\/2024\/01\/Modulo1_Jimenez_1776x1326-1536x1147.jpg 1536w, https:\/\/www.foscarini.com\/wp-content\/uploads\/2024\/01\/Modulo1_Jimenez_1776x1326.jpg 1776w\" alt=\"\" \/>\n                                            <\/div>\n    <\/div>\n<\/section><section class=\"prof__single_bg_text_and_link bg-full\">\n\n        <img decoding=\"async\" class=\"image-principal show-desktop only-desktop\" src=\"https:\/\/www.foscarini.com\/wp-content\/uploads\/2024\/01\/Modulo2_Jimenez_LeSoleil-150x150.jpg\" srcset=\"https:\/\/www.foscarini.com\/wp-content\/uploads\/2024\/01\/Modulo2_Jimenez_LeSoleil-300x162.jpg 300w, https:\/\/www.foscarini.com\/wp-content\/uploads\/2024\/01\/Modulo2_Jimenez_LeSoleil-scaled-800x432.jpg 800w, https:\/\/www.foscarini.com\/wp-content\/uploads\/2024\/01\/Modulo2_Jimenez_LeSoleil-1024x553.jpg 1024w, https:\/\/www.foscarini.com\/wp-content\/uploads\/2024\/01\/Modulo2_Jimenez_LeSoleil-768x415.jpg 768w, https:\/\/www.foscarini.com\/wp-content\/uploads\/2024\/01\/Modulo2_Jimenez_LeSoleil-1536x830.jpg 1536w, https:\/\/www.foscarini.com\/wp-content\/uploads\/2024\/01\/Modulo2_Jimenez_LeSoleil-2048x1106.jpg 2048w\" alt=\"\" \/>\n\n\n    <div class=\"row full-height-vh\">\n        <div class=\"medium-12 small-12 columns\">\n            <div class=\"ct-text js-heading \">\n                <span class=\"subtitle js-heading\"><\/span>\n                <div class=\"ct-text-bottom\">\n                    <div class=\"title-little js-heading\"><\/div>\n                    <div class=\"subtitle subtitle-bottom js-heading\"><\/div>\n                <\/div>\n            <\/div>\n        <\/div>\n    <\/div>\n<\/section><section class=\"world__menu_image world_text\">\n    <div class=\"designer-desc-container\">\n        <span class=\"subtitle js-heading\"><\/span>\n        <div class=\"title-medium js-heading\"><h2>Une recherche d\u2019objets et de situations qui prennent vie et cr\u00e9ent de nouvelles atmosph\u00e8res, \u00e0 travers un jeu de lumi\u00e8re, ombres, textures et couleurs.<\/h2>\n<\/div>\n        <div class=\"text-2 js-heading\"><p>Apr\u00e8s nombre d\u2019exp\u00e9riences professionnelles significatives dans le domaine du design, Vicente Garcia Jimenez travaille en collaboration avec Enrico Franzolini sur le projet Big Bang, une famille de lampes \u00e0 la personnalit\u00e9 exub\u00e9rante qui \u00e9voquent le dynamisme d\u2019une explosion.<\/p>\n<p>Par la suite, il cr\u00e9e le projet d\u2019\u00e9clairage modulaire Fields, inspir\u00e9 de la vision d\u2019un paysage vu de haut, ainsi que les lampes Le Soleil, des sph\u00e8res compos\u00e9es de bandes irr\u00e9guli\u00e8res cr\u00e9ant un int\u00e9ressant effet lumineux.<\/p>\n<\/div>\n    <\/div>\n<\/section><section class=\"ambient_single__img_lateral full-height-vh \">\n    <div class=\"row row-large\">\n        <div class=\"small-12 medium-10 medium-offset-2  columns full-height no-padding-right-mobile\">\n            <div class=\"ct-image js-img\">\n                                    <img decoding=\"async\" src=\"https:\/\/www.foscarini.com\/wp-content\/uploads\/2024\/01\/Modulo4_Jimenez_BigBang-150x150.jpg\" srcset=\"https:\/\/www.foscarini.com\/wp-content\/uploads\/2024\/01\/Modulo4_Jimenez_BigBang-300x183.jpg 300w, https:\/\/www.foscarini.com\/wp-content\/uploads\/2024\/01\/Modulo4_Jimenez_BigBang-800x489.jpg 800w, https:\/\/www.foscarini.com\/wp-content\/uploads\/2024\/01\/Modulo4_Jimenez_BigBang-1024x626.jpg 1024w, https:\/\/www.foscarini.com\/wp-content\/uploads\/2024\/01\/Modulo4_Jimenez_BigBang-768x469.jpg 768w, https:\/\/www.foscarini.com\/wp-content\/uploads\/2024\/01\/Modulo4_Jimenez_BigBang-1536x939.jpg 1536w, https:\/\/www.foscarini.com\/wp-content\/uploads\/2024\/01\/Modulo4_Jimenez_BigBang-2048x1252.jpg 2048w\" alt=\"\" \/>\n                    \n                            <\/div>\n        <\/div>\n    <\/div>\n<\/section><div class=\"wp-block-group two_cols_image\"><div class=\"wp-block-group__inner-container is-layout-constrained wp-block-group-is-layout-constrained\"><div class=\"wp-block-columns is-layout-flex wp-container-core-columns-is-layout-1 wp-block-columns-is-layout-flex\"><div class=\"wp-block-column second_column is-layout-flow wp-block-column-is-layout-flow\"><div class=\"wp-block-getwid-image-hotspot\" data-appearance-animation=\"none\" data-image-points=\"[]\" data-trigger=\"click\" data-theme=\"light\" data-tooltip-animation=\"shift-toward\" data-arrow=\"true\"><div class=\"wp-block-getwid-image-hotspot__wrapper\"><img loading=\"lazy\" decoding=\"async\" width=\"1440\" height=\"1600\" src=\"http:\/\/www.foscarini.com\/wp-content\/uploads\/2024\/01\/Modulo5.1_Jimenez_Fields.jpg\" alt=\"\" class=\"wp-block-getwid-image-hotspot__image wp-image-11624\" srcset=\"https:\/\/www.foscarini.com\/wp-content\/uploads\/2024\/01\/Modulo5.1_Jimenez_Fields.jpg 1440w, https:\/\/www.foscarini.com\/wp-content\/uploads\/2024\/01\/Modulo5.1_Jimenez_Fields-800x889.jpg 800w, https:\/\/www.foscarini.com\/wp-content\/uploads\/2024\/01\/Modulo5.1_Jimenez_Fields-270x300.jpg 270w, https:\/\/www.foscarini.com\/wp-content\/uploads\/2024\/01\/Modulo5.1_Jimenez_Fields-922x1024.jpg 922w, https:\/\/www.foscarini.com\/wp-content\/uploads\/2024\/01\/Modulo5.1_Jimenez_Fields-768x853.jpg 768w, https:\/\/www.foscarini.com\/wp-content\/uploads\/2024\/01\/Modulo5.1_Jimenez_Fields-1382x1536.jpg 1382w\" sizes=\"(max-width: 1440px) 100vw, 1440px\" \/><\/div><\/div><\/div>\n\n<div class=\"wp-block-column is-layout-flow wp-block-column-is-layout-flow\"><div class=\"wp-block-getwid-image-hotspot\" data-appearance-animation=\"none\" data-image-points=\"[]\" data-trigger=\"click\" data-theme=\"light\" data-tooltip-animation=\"shift-toward\" data-arrow=\"true\"><div class=\"wp-block-getwid-image-hotspot__wrapper\"><img loading=\"lazy\" decoding=\"async\" width=\"864\" height=\"922\" src=\"http:\/\/www.foscarini.com\/wp-content\/uploads\/2024\/01\/Modulo5.2_Jimenez_LeSoleil.jpg\" alt=\"\" class=\"wp-block-getwid-image-hotspot__image wp-image-11631\" srcset=\"https:\/\/www.foscarini.com\/wp-content\/uploads\/2024\/01\/Modulo5.2_Jimenez_LeSoleil.jpg 864w, https:\/\/www.foscarini.com\/wp-content\/uploads\/2024\/01\/Modulo5.2_Jimenez_LeSoleil-800x854.jpg 800w, https:\/\/www.foscarini.com\/wp-content\/uploads\/2024\/01\/Modulo5.2_Jimenez_LeSoleil-281x300.jpg 281w, https:\/\/www.foscarini.com\/wp-content\/uploads\/2024\/01\/Modulo5.2_Jimenez_LeSoleil-768x820.jpg 768w\" sizes=\"(max-width: 864px) 100vw, 864px\" \/><\/div><\/div><\/div><\/div><\/div><\/div><section class=\"concept__project_comunication full-height-vh\">\n    <div class=\"row row-large\">\n        <div class=\"medium-12 small-12 columns full-height no-padding-right-mobile\">\n            <div class=\"ct-image-text-lateral\">\n                <div class=\"ct-arrow\">\n                    <div class=\"swiper-button-prev\" aria-label=\"previous slide\"><\/div>\n                    <div class=\"swiper-button-next\" aria-label=\"next slide\"><\/div>\n                <\/div>\n                <span class=\"section-name-lateral\">Contenus r\u00e9dactionnels<\/span>\n                <!-- Swiper -->\n                <div class=\"swiper-container swiper__concept__comunication\">\n                    <div class=\"swiper-wrapper\">\n                                                            <div class=\"swiper-slide\">\n                                        <div class=\"ct-slide\">\n                                                                                            <video class=\"video-controls\" autoplay loop muted playsinline>\n                                                    <source src=\"https:\/\/cdn1.foscarini.com\/Designers-Video\/Fields-Vicente-Garcia-Jimenez.mp4\" type=\"video\/mp4\">\n                                                    Your browser does not support the video tag.\n                                                <\/video>\n                                                                                            <div class=\"ct-col-right\">\n                                                <div class=\"ct-link\">\n                                                    <a class=\"link-arrow \" href=\"https:\/\/www.foscarini.com\/fr\/categorie-produit\/concetto-fr\/fields-concetto-fr\/\">G\u00e9ographies et g\u00e9om\u00e9tries<\/a>\n                                                    <div class=\"text-1\"><p>Fields s&#8217;inspire des g\u00e9om\u00e9tries a\u00e9riennes de la r\u00e9gion de la Mancha. D\u00e9couvrez-en plus dans la vid\u00e9o.<\/p>\n<\/div>\n                                                <\/div>\n                                            <\/div>\n                                        <\/div>\n                                    <\/div>\n                                                                        <div class=\"swiper-slide\">\n                                        <div class=\"ct-slide\">\n                                                                                            <video class=\"video-controls\" autoplay loop muted playsinline>\n                                                    <source src=\"https:\/\/cdn1.foscarini.com\/Designers-Video\/Le-Soleil-Vicente-Garcia-Jimenez.mp4\" type=\"video\/mp4\">\n                                                    Your browser does not support the video tag.\n                                                <\/video>\n                                                                                            <div class=\"ct-col-right\">\n                                                <div class=\"ct-link\">\n                                                    <a class=\"link-arrow \" href=\"https:\/\/www.foscarini.com\/fr\/categorie-produit\/concetto-fr\/le-soleil-concetto-fr\/\">Le Soleil : un soleil \u00e0 la maison<\/a>\n                                                    <div class=\"text-1\"><p>Un soleil qui n&#8217;\u00e9blouit pas, un soleil que l&#8217;on peut regarder : Vicente Garcia Jimenez pr\u00e9sente Le Soleil.<\/p>\n<\/div>\n                                                <\/div>\n                                            <\/div>\n                                        <\/div>\n                                    <\/div>\n                                                                        <div class=\"swiper-slide\">\n                                        <div class=\"ct-slide\">\n                                                                                            <video class=\"video-controls\" autoplay loop muted playsinline>\n                                                    <source src=\"https:\/\/cdn1.foscarini.com\/Designers-Video\/Spokes-Garcia-Cumini.mp4\" type=\"video\/mp4\">\n                                                    Your browser does not support the video tag.\n                                                <\/video>\n                                                                                            <div class=\"ct-col-right\">\n                                                <div class=\"ct-link\">\n                                                    <a class=\"link-arrow \" href=\"https:\/\/www.foscarini.com\/fr\/categorie-produit\/concetto-fr\/spokes-concetto-fr\/\">Fascinante, hypnotique, magique !<\/a>\n                                                    <div class=\"text-1\"><p>Saviez-vous que l&#8217;inspiration pour Spokes est venue de l&#8217;observation d&#8217;une roue de v\u00e9lo ?<\/p>\n<\/div>\n                                                <\/div>\n                                            <\/div>\n                                        <\/div>\n                                    <\/div>\n                                                                        <div class=\"swiper-slide\">\n                                        <div class=\"ct-slide\">\n                                                                                                <img decoding=\"async\" class=\"full-cover\" src=\"https:\/\/www.foscarini.com\/wp-content\/uploads\/2024\/01\/PE_44-150x150.jpg\" srcset=\"https:\/\/www.foscarini.com\/wp-content\/uploads\/2024\/01\/PE_44-300x231.jpg 300w, https:\/\/www.foscarini.com\/wp-content\/uploads\/2024\/01\/PE_44-800x615.jpg 800w, https:\/\/www.foscarini.com\/wp-content\/uploads\/2024\/01\/PE_44-1024x788.jpg 1024w, https:\/\/www.foscarini.com\/wp-content\/uploads\/2024\/01\/PE_44-768x591.jpg 768w, https:\/\/www.foscarini.com\/wp-content\/uploads\/2024\/01\/PE_44.jpg 1170w\" alt=\"\" \/>\n                                                                                                <div class=\"ct-col-right\">\n                                                <div class=\"ct-link\">\n                                                    <a class=\"link-arrow \" href=\"https:\/\/www.foscarini.com\/fr\/foscarini-et-le-compasso-doro-adi\/\">Mention d&#8217;Honneur \u2014 Compasso d&#8217;Oro ADI<\/a>\n                                                    <div class=\"text-1\"><p>L&#8217;installation Infinity, con\u00e7ue par Garcia Jimenez pour Foscarini au Fuorisalone 2009, a re\u00e7u une mention honorable au 22e Compasso d&#8217;Oro ADI.<\/p>\n<\/div>\n                                                <\/div>\n                                            <\/div>\n                                        <\/div>\n                                    <\/div>\n                                                        <\/div>\n                <\/div>\n            <\/div>\n        <\/div>\n    <\/div>\n<\/section>","protected":false},"featured_media":11606,"template":"","class_list":["post-29878","designer","type-designer","status-publish","has-post-thumbnail","hentry"],"acf":{"preview_slider":{"titolo":"","testo":"","video_domanda":false,"link_video":"https:\/\/cdn1.foscarini.com\/Designers-Video\/Magneto-Iacchetti.mp4"}},"yoast_head":"<!-- This site is optimized with the Yoast SEO Premium plugin v22.4 (Yoast SEO v23.7) - https:\/\/yoast.com\/wordpress\/plugins\/seo\/ -->\n<title>Vicente Garcia Jimenez - Foscarini<\/title>\n<meta name=\"robots\" content=\"index, follow, max-snippet:-1, max-image-preview:large, max-video-preview:-1\" \/>\n<meta property=\"og:locale\" content=\"fr_FR\" \/>\n<meta property=\"og:type\" content=\"article\" \/>\n<meta property=\"og:title\" content=\"Vicente Garcia Jimenez\" \/>\n<meta property=\"og:url\" content=\"https:\/\/www.foscarini.com\/fr\/designer\/vicente-garcia-jimenez\/\" \/>\n<meta property=\"og:site_name\" content=\"Foscarini\" \/>\n<meta property=\"article:modified_time\" content=\"2024-05-31T08:22:00+00:00\" \/>\n<meta property=\"og:image\" content=\"https:\/\/www.foscarini.com\/wp-content\/uploads\/2024\/01\/Modulo1_Jimenez_1024x1286.jpg\" \/>\n\t<meta property=\"og:image:width\" content=\"1024\" \/>\n\t<meta property=\"og:image:height\" content=\"1286\" \/>\n\t<meta property=\"og:image:type\" content=\"image\/jpeg\" \/>\n<meta name=\"twitter:card\" content=\"summary_large_image\" \/>\n<meta name=\"twitter:label1\" content=\"Dur\u00e9e de lecture estim\u00e9e\" \/>\n\t<meta name=\"twitter:data1\" content=\"1 minute\" \/>\n<script type=\"application\/ld+json\" class=\"yoast-schema-graph\">{\"@context\":\"https:\/\/schema.org\",\"@graph\":[{\"@type\":\"WebPage\",\"@id\":\"https:\/\/www.foscarini.com\/fr\/designer\/vicente-garcia-jimenez\/\",\"url\":\"https:\/\/www.foscarini.com\/fr\/designer\/vicente-garcia-jimenez\/\",\"name\":\"Vicente Garcia Jimenez - Foscarini\",\"isPartOf\":{\"@id\":\"https:\/\/www.foscarini.com\/#website\"},\"primaryImageOfPage\":{\"@id\":\"https:\/\/www.foscarini.com\/fr\/designer\/vicente-garcia-jimenez\/#primaryimage\"},\"image\":{\"@id\":\"https:\/\/www.foscarini.com\/fr\/designer\/vicente-garcia-jimenez\/#primaryimage\"},\"thumbnailUrl\":\"https:\/\/www.foscarini.com\/wp-content\/uploads\/2024\/01\/Modulo1_Jimenez_1024x1286.jpg\",\"datePublished\":\"2024-01-12T11:39:35+00:00\",\"dateModified\":\"2024-05-31T08:22:00+00:00\",\"breadcrumb\":{\"@id\":\"https:\/\/www.foscarini.com\/fr\/designer\/vicente-garcia-jimenez\/#breadcrumb\"},\"inLanguage\":\"fr-FR\",\"potentialAction\":[{\"@type\":\"ReadAction\",\"target\":[\"https:\/\/www.foscarini.com\/fr\/designer\/vicente-garcia-jimenez\/\"]}]},{\"@type\":\"ImageObject\",\"inLanguage\":\"fr-FR\",\"@id\":\"https:\/\/www.foscarini.com\/fr\/designer\/vicente-garcia-jimenez\/#primaryimage\",\"url\":\"https:\/\/www.foscarini.com\/wp-content\/uploads\/2024\/01\/Modulo1_Jimenez_1024x1286.jpg\",\"contentUrl\":\"https:\/\/www.foscarini.com\/wp-content\/uploads\/2024\/01\/Modulo1_Jimenez_1024x1286.jpg\",\"width\":1024,\"height\":1286},{\"@type\":\"BreadcrumbList\",\"@id\":\"https:\/\/www.foscarini.com\/fr\/designer\/vicente-garcia-jimenez\/#breadcrumb\",\"itemListElement\":[{\"@type\":\"ListItem\",\"position\":1,\"name\":\"Home\",\"item\":\"https:\/\/www.foscarini.com\/fr\/\"},{\"@type\":\"ListItem\",\"position\":2,\"name\":\"Vicente Garcia Jimenez\"}]},{\"@type\":\"WebSite\",\"@id\":\"https:\/\/www.foscarini.com\/#website\",\"url\":\"https:\/\/www.foscarini.com\/\",\"name\":\"Foscarini\",\"description\":\"\",\"potentialAction\":[{\"@type\":\"SearchAction\",\"target\":{\"@type\":\"EntryPoint\",\"urlTemplate\":\"https:\/\/www.foscarini.com\/?s={search_term_string}\"},\"query-input\":{\"@type\":\"PropertyValueSpecification\",\"valueRequired\":true,\"valueName\":\"search_term_string\"}}],\"inLanguage\":\"fr-FR\"}]}<\/script>\n<!-- \/ Yoast SEO Premium plugin. -->","yoast_head_json":{"title":"Vicente Garcia Jimenez - Foscarini","robots":{"index":"index","follow":"follow","max-snippet":"max-snippet:-1","max-image-preview":"max-image-preview:large","max-video-preview":"max-video-preview:-1"},"og_locale":"fr_FR","og_type":"article","og_title":"Vicente Garcia Jimenez","og_url":"https:\/\/www.foscarini.com\/fr\/designer\/vicente-garcia-jimenez\/","og_site_name":"Foscarini","article_modified_time":"2024-05-31T08:22:00+00:00","og_image":[{"width":1024,"height":1286,"url":"https:\/\/www.foscarini.com\/wp-content\/uploads\/2024\/01\/Modulo1_Jimenez_1024x1286.jpg","type":"image\/jpeg"}],"twitter_card":"summary_large_image","twitter_misc":{"Dur\u00e9e de lecture estim\u00e9e":"1 minute"},"schema":{"@context":"https:\/\/schema.org","@graph":[{"@type":"WebPage","@id":"https:\/\/www.foscarini.com\/fr\/designer\/vicente-garcia-jimenez\/","url":"https:\/\/www.foscarini.com\/fr\/designer\/vicente-garcia-jimenez\/","name":"Vicente Garcia Jimenez - Foscarini","isPartOf":{"@id":"https:\/\/www.foscarini.com\/#website"},"primaryImageOfPage":{"@id":"https:\/\/www.foscarini.com\/fr\/designer\/vicente-garcia-jimenez\/#primaryimage"},"image":{"@id":"https:\/\/www.foscarini.com\/fr\/designer\/vicente-garcia-jimenez\/#primaryimage"},"thumbnailUrl":"https:\/\/www.foscarini.com\/wp-content\/uploads\/2024\/01\/Modulo1_Jimenez_1024x1286.jpg","datePublished":"2024-01-12T11:39:35+00:00","dateModified":"2024-05-31T08:22:00+00:00","breadcrumb":{"@id":"https:\/\/www.foscarini.com\/fr\/designer\/vicente-garcia-jimenez\/#breadcrumb"},"inLanguage":"fr-FR","potentialAction":[{"@type":"ReadAction","target":["https:\/\/www.foscarini.com\/fr\/designer\/vicente-garcia-jimenez\/"]}]},{"@type":"ImageObject","inLanguage":"fr-FR","@id":"https:\/\/www.foscarini.com\/fr\/designer\/vicente-garcia-jimenez\/#primaryimage","url":"https:\/\/www.foscarini.com\/wp-content\/uploads\/2024\/01\/Modulo1_Jimenez_1024x1286.jpg","contentUrl":"https:\/\/www.foscarini.com\/wp-content\/uploads\/2024\/01\/Modulo1_Jimenez_1024x1286.jpg","width":1024,"height":1286},{"@type":"BreadcrumbList","@id":"https:\/\/www.foscarini.com\/fr\/designer\/vicente-garcia-jimenez\/#breadcrumb","itemListElement":[{"@type":"ListItem","position":1,"name":"Home","item":"https:\/\/www.foscarini.com\/fr\/"},{"@type":"ListItem","position":2,"name":"Vicente Garcia Jimenez"}]},{"@type":"WebSite","@id":"https:\/\/www.foscarini.com\/#website","url":"https:\/\/www.foscarini.com\/","name":"Foscarini","description":"","potentialAction":[{"@type":"SearchAction","target":{"@type":"EntryPoint","urlTemplate":"https:\/\/www.foscarini.com\/?s={search_term_string}"},"query-input":{"@type":"PropertyValueSpecification","valueRequired":true,"valueName":"search_term_string"}}],"inLanguage":"fr-FR"}]}},"_links":{"self":[{"href":"https:\/\/www.foscarini.com\/fr\/wp-json\/wp\/v2\/designer\/29878"}],"collection":[{"href":"https:\/\/www.foscarini.com\/fr\/wp-json\/wp\/v2\/designer"}],"about":[{"href":"https:\/\/www.foscarini.com\/fr\/wp-json\/wp\/v2\/types\/designer"}],"wp:featuredmedia":[{"embeddable":true,"href":"https:\/\/www.foscarini.com\/fr\/wp-json\/wp\/v2\/media\/11606"}],"wp:attachment":[{"href":"https:\/\/www.foscarini.com\/fr\/wp-json\/wp\/v2\/media?parent=29878"}],"curies":[{"name":"wp","href":"https:\/\/api.w.org\/{rel}","templated":true}]}}