{"id":303936,"date":"2024-07-18T12:55:25","date_gmt":"2024-07-18T12:55:25","guid":{"rendered":"https:\/\/www.foscarini.com\/?page_id=303936"},"modified":"2024-08-07T14:25:35","modified_gmt":"2024-08-07T14:25:35","slug":"fare-luce","status":"publish","type":"page","link":"https:\/\/www.foscarini.com\/de\/fare-luce\/","title":{"rendered":"Fare Luce"},"content":{"rendered":"<section class=\"two_cols__link_and_image full-height-vh \">\n    <div class=\"row row-large \">\n        <div class=\"medium-4 small-12 columns full-height relative col-1\">\n            <div class=\"ct-text\">\n                <span class=\"subtitle js-heading\"><\/span>\n                <div class=\"ct-link\">\n                                        <a class=\"link-arrow title-big js-heading no-link\" href=\"\"><h1>Fare Luce<\/h1>\n<\/a>\n                    <div class=\"text-1 js-heading\"><p>Herausgegeben von Beppe Finessi<\/p>\n<\/div>\n                                    <\/div>\n                <div class=\"join-line\"><\/div>            <\/div>\n        <\/div>\n        <div class=\"medium-8 small-12 columns full-height col-2 no-padding-right-mobile\">\n                                                    <img decoding=\"async\" class=\"full-cover\" src=\"https:\/\/www.foscarini.com\/wp-content\/uploads\/2024\/07\/Fare-luce-mockup-header-150x150.jpg\" srcset=\"https:\/\/www.foscarini.com\/wp-content\/uploads\/2024\/07\/Fare-luce-mockup-header-300x224.jpg 300w, https:\/\/www.foscarini.com\/wp-content\/uploads\/2024\/07\/Fare-luce-mockup-header-1024x765.jpg 1024w, https:\/\/www.foscarini.com\/wp-content\/uploads\/2024\/07\/Fare-luce-mockup-header-768x573.jpg 768w, https:\/\/www.foscarini.com\/wp-content\/uploads\/2024\/07\/Fare-luce-mockup-header-1536x1147.jpg 1536w, https:\/\/www.foscarini.com\/wp-content\/uploads\/2024\/07\/Fare-luce-mockup-header-800x597.jpg 800w, https:\/\/www.foscarini.com\/wp-content\/uploads\/2024\/07\/Fare-luce-mockup-header.jpg 1776w\" alt=\"\" \/>\n                                            <\/div>\n    <\/div>\n<\/section><section class=\"prof__single_info \">\n    <div class=\"row row-large\">\n        <div class=\"medium-4 small-12 columns col-1\">\n                        <ul class=\"list-info\">\n                                        <li>\n                            <span class=\"subtitle js-heading\"><\/span>\n                            <div class=\"text-1 js-heading\"><p>FARE LUCE<br \/>\nSHEDDING LIGHT<br \/>\ncm 21 x 27 | 272 Seiten | Hardcover| 38,00 \u20ac<br \/>\nTexte in Italienisch und Englisch<br \/>\nISBN 9788875705503<br \/>\nAusgabe 2017<\/p>\n<\/div>\n                        <\/li>\n                                    <\/ul>\n\n                    <\/div>\n        <div class=\"medium-7 medium-offset-1 small-12 columns col-2\">\n                            <div class=\"title-medium js-heading\"><h2>Ein Buch, das das Thema Licht untersucht, mit Beitr\u00e4gen aus den Bereichen Architektur, Design, Kunst, Grafik, Fotografie und Illustration.<\/h2>\n<\/div>\n                                            <div class=\"text-info  js-heading text-3\"><p>Unter der Leitung von Beppe Finessi behandelt das Buch Fare Luce, \u00e4hnlich wie das Editorialprojekt Inventario, Foscarini nicht \u00fcber seine Sammlung, sondern durch die Pr\u00e4sentation von Inhalten und kulturellen Perspektiven, die das DNA des Unternehmens widerspiegeln. Ein Buch wie ein Theorem, das den Wunsch von Foscarini, Kultur zu schaffen und zu f\u00f6rdern, mit dem Hauptthema seiner Arbeit vereint: Licht.<\/p>\n<p>&nbsp;<\/p>\n<p>Fare Luce: Zwei einfache und wesentliche Worte beschreiben das Universum von Foscarini in all seinen Ausdr\u00fccken. Das \u201eFare\u201c, das Handlung, Produktion, Schaffung impliziert, und das \u201eLuce\u201c \u2013 Konzept, Ausgangspunkt und Ziel der gesamten Arbeit des Unternehmens \u2013 werden zu \u201efare luce\u201c, mit allen Bedeutungen, die mit Entdeckung, Untersuchung, dem Wunsch zu verstehen und zu enth\u00fcllen verbunden sind.<\/p>\n<\/div>\n                                    <\/div>\n    <\/div>\n<\/section><section class=\"pdp__slider full-height-vh\">\n    <div class=\"swiper-container swiper__pdp\">\n        <div class=\"swiper-wrapper full-height\">\n                                <div class=\"swiper-slide\">\n                                                    <img decoding=\"async\" class=\"full-cover\" src=\"https:\/\/www.foscarini.com\/wp-content\/uploads\/2024\/07\/fare-luce-pag-interne-1-150x150.jpg\" srcset=\"https:\/\/www.foscarini.com\/wp-content\/uploads\/2024\/07\/fare-luce-pag-interne-1-300x237.jpg 300w, https:\/\/www.foscarini.com\/wp-content\/uploads\/2024\/07\/fare-luce-pag-interne-1-1024x809.jpg 1024w, https:\/\/www.foscarini.com\/wp-content\/uploads\/2024\/07\/fare-luce-pag-interne-1-768x607.jpg 768w, https:\/\/www.foscarini.com\/wp-content\/uploads\/2024\/07\/fare-luce-pag-interne-1-800x632.jpg 800w, https:\/\/www.foscarini.com\/wp-content\/uploads\/2024\/07\/fare-luce-pag-interne-1.jpg 1367w\" alt=\"\" \/>\n                                                                        <\/div>\n                                        <div class=\"swiper-slide\">\n                                                    <img decoding=\"async\" class=\"full-cover\" src=\"https:\/\/www.foscarini.com\/wp-content\/uploads\/2024\/07\/fare-luce-pag-interne-2-150x150.jpg\" srcset=\"https:\/\/www.foscarini.com\/wp-content\/uploads\/2024\/07\/fare-luce-pag-interne-2-300x237.jpg 300w, https:\/\/www.foscarini.com\/wp-content\/uploads\/2024\/07\/fare-luce-pag-interne-2-1024x809.jpg 1024w, https:\/\/www.foscarini.com\/wp-content\/uploads\/2024\/07\/fare-luce-pag-interne-2-768x607.jpg 768w, https:\/\/www.foscarini.com\/wp-content\/uploads\/2024\/07\/fare-luce-pag-interne-2-800x632.jpg 800w, https:\/\/www.foscarini.com\/wp-content\/uploads\/2024\/07\/fare-luce-pag-interne-2.jpg 1367w\" alt=\"\" \/>\n                                                                        <\/div>\n                                        <div class=\"swiper-slide\">\n                                                    <img decoding=\"async\" class=\"full-cover\" src=\"https:\/\/www.foscarini.com\/wp-content\/uploads\/2024\/07\/fare-luce-pag-interne-3-150x150.jpg\" srcset=\"https:\/\/www.foscarini.com\/wp-content\/uploads\/2024\/07\/fare-luce-pag-interne-3-300x237.jpg 300w, https:\/\/www.foscarini.com\/wp-content\/uploads\/2024\/07\/fare-luce-pag-interne-3-1024x809.jpg 1024w, https:\/\/www.foscarini.com\/wp-content\/uploads\/2024\/07\/fare-luce-pag-interne-3-768x607.jpg 768w, https:\/\/www.foscarini.com\/wp-content\/uploads\/2024\/07\/fare-luce-pag-interne-3-800x632.jpg 800w, https:\/\/www.foscarini.com\/wp-content\/uploads\/2024\/07\/fare-luce-pag-interne-3.jpg 1367w\" alt=\"\" \/>\n                                                                        <\/div>\n                                        <div class=\"swiper-slide\">\n                                                    <img decoding=\"async\" class=\"full-cover\" src=\"https:\/\/www.foscarini.com\/wp-content\/uploads\/2024\/07\/fare-luce-pag-interne-4-150x150.jpg\" srcset=\"https:\/\/www.foscarini.com\/wp-content\/uploads\/2024\/07\/fare-luce-pag-interne-4-300x237.jpg 300w, https:\/\/www.foscarini.com\/wp-content\/uploads\/2024\/07\/fare-luce-pag-interne-4-1024x809.jpg 1024w, https:\/\/www.foscarini.com\/wp-content\/uploads\/2024\/07\/fare-luce-pag-interne-4-768x607.jpg 768w, https:\/\/www.foscarini.com\/wp-content\/uploads\/2024\/07\/fare-luce-pag-interne-4-800x632.jpg 800w, https:\/\/www.foscarini.com\/wp-content\/uploads\/2024\/07\/fare-luce-pag-interne-4.jpg 1367w\" alt=\"\" \/>\n                                                                        <\/div>\n                                        <div class=\"swiper-slide\">\n                                                    <img decoding=\"async\" class=\"full-cover\" src=\"https:\/\/www.foscarini.com\/wp-content\/uploads\/2024\/07\/fare-luce-pag-interne-5-150x150.jpg\" srcset=\"https:\/\/www.foscarini.com\/wp-content\/uploads\/2024\/07\/fare-luce-pag-interne-5-300x237.jpg 300w, https:\/\/www.foscarini.com\/wp-content\/uploads\/2024\/07\/fare-luce-pag-interne-5-1024x809.jpg 1024w, https:\/\/www.foscarini.com\/wp-content\/uploads\/2024\/07\/fare-luce-pag-interne-5-768x607.jpg 768w, https:\/\/www.foscarini.com\/wp-content\/uploads\/2024\/07\/fare-luce-pag-interne-5-800x632.jpg 800w, https:\/\/www.foscarini.com\/wp-content\/uploads\/2024\/07\/fare-luce-pag-interne-5.jpg 1367w\" alt=\"\" \/>\n                                                                        <\/div>\n                                        <div class=\"swiper-slide\">\n                                                    <img decoding=\"async\" class=\"full-cover\" src=\"https:\/\/www.foscarini.com\/wp-content\/uploads\/2024\/07\/fare-luce-pag-interne-6-1-150x150.jpg\" srcset=\"https:\/\/www.foscarini.com\/wp-content\/uploads\/2024\/07\/fare-luce-pag-interne-6-1-300x237.jpg 300w, https:\/\/www.foscarini.com\/wp-content\/uploads\/2024\/07\/fare-luce-pag-interne-6-1-1024x809.jpg 1024w, https:\/\/www.foscarini.com\/wp-content\/uploads\/2024\/07\/fare-luce-pag-interne-6-1-768x607.jpg 768w, https:\/\/www.foscarini.com\/wp-content\/uploads\/2024\/07\/fare-luce-pag-interne-6-1-800x632.jpg 800w, https:\/\/www.foscarini.com\/wp-content\/uploads\/2024\/07\/fare-luce-pag-interne-6-1.jpg 1367w\" alt=\"\" \/>\n                                                                        <\/div>\n                            <\/div>\n    <\/div>\n    <div class=\"swiper-scrollbar\"><\/div>\n    <div class=\"ct-arrow\">\n        <div class=\"swiper-button-prev\"><\/div>\n        <div class=\"swiper-button-next\"><\/div>\n    <\/div>\n<\/section><div class=\"wp-block-group two_cols_image two_cols_image_reverse has-white-background-color has-background\"><div class=\"wp-block-group__inner-container is-layout-constrained wp-block-group-is-layout-constrained\"><section class=\"articolo-citazione reading-time\">\n    <div class=\"ct-block\">\n        <div class=\"text\"><p>&#8220;Fare Luce dr\u00fcckt unser Wesen aus: Es fasst ein Programm, eine Arbeitsweise zusammen und definiert einen Weg. F\u00fcr uns bedeutet Fare Luce, ein faszinierendes Material wie Licht in Formen zu kleiden, die inspirieren und Spuren hinterlassen wollen. Es spiegelt auch unsere geistige Haltung wider, neue Visionen zu entwickeln, und unser Streben, st\u00e4ndig neue Bedeutungen zu erforschen, die die Grundlage unseres kreativen Prozesses bilden.&#8221;<\/p>\n<\/div>\n        <div class=\"cit\"><p>CARLO URBINATI<br \/>\n\/ GR\u00dcNDER UND PR\u00c4SIDENT VON FOSCARINI<\/p>\n<\/div>\n    <\/div>\n<\/section><\/div><\/div><div class=\"prof__single_info summary noMarginBottom\" data-content-type=\"list_ul\" data-appearance=\"inventarioul\" data-element=\"main\">\n  <div class=\"row row-larger\">\n    <div class=\"medium-4 small-12 columns col-1\">\n      <h4 data-element=\"label\">Index<\/h4>\n    <\/div>\n    <div class=\"medium-7 medium-offset-1 small-12 columns col-2\">\n      <ul class=\"summary__listing\">\n        <li data-content-type=\"list_item\" data-appearance=\"liinventario\" data-filter=\"\" data-element=\"main\">\n          <h5 data-element=\"element_titolo\">12<\/h5>\n          <h6 data-element=\"element_sottotitolo\"> Ping Pong<\/h6>\n          <div class=\"medium-7 medium-offset-1 small-12 columns col-2\" data-element=\"element_content\">\n            <p>Fare Luce \u2044 Shedding Light<br>di \u2044 by Beppe Finessi<\/p>\n          <\/div>\n        <\/li>\n        <li data-content-type=\"list_item\" data-appearance=\"liinventario\" data-filter=\"\" data-element=\"main\">\n          <h5 data-element=\"element_titolo\">36<\/h5>\n          <h6 data-element=\"element_sottotitolo\">Capolavori \u2044 Masterworks<\/h6>\n          <div class=\"medium-7 medium-offset-1 small-12 columns col-2\" data-element=\"element_content\">\n            <p>Alighiero Boetti Lampada annuale, 1966<br>di \u2044 by Corrado Levi<\/p>\n          <\/div>\n        <\/li>\n        <li data-content-type=\"list_item\" data-appearance=\"liinventario\" data-filter=\"\" data-element=\"main\">\n          <h5 data-element=\"element_titolo\">38<\/h5>\n          <h6 data-element=\"element_sottotitolo\"> Tandem<\/h6>\n          <div class=\"medium-7 medium-offset-1 small-12 columns col-2\" data-element=\"element_content\">\n            <p>Luce ad Arte \/ Artful Lighting<br>di \u2044 by Giacinto Di Pietrantonio<\/p>\n          <\/div>\n        <\/li>\n        <li data-content-type=\"list_item\" data-appearance=\"liinventario\" data-filter=\"\" data-element=\"main\">\n          <h5 data-element=\"element_titolo\"> 68<\/h5>\n          <h6 data-element=\"element_sottotitolo\"> Luci e pensieri \u2044 Lights and thoughts<\/h6>\n          <div class=\"medium-7 medium-offset-1 small-12 columns col-2\" data-element=\"element_content\">\n            <p>Maurizio Nannucci<br>di \u2044 by Marco Belpoliti, Damiano Gull\u00ec<\/p>\n          <\/div>\n        <\/li>\n        <li data-content-type=\"list_item\" data-appearance=\"liinventario\" data-filter=\"\" data-element=\"main\">\n          <h5 data-element=\"element_titolo\">86<\/h5>\n          <h6 data-element=\"element_sottotitolo\">Architettura e luce \u2044 Architecture and light<\/h6>\n          <div class=\"medium-7 medium-offset-1 small-12 columns col-2\" data-element=\"element_content\">\n            <p>Daniel Schlaepfer Une Petite Maison de Nuit, 2015<br>di \u2044 by Michele Porcu<\/p>\n          <\/div>\n        <\/li>\n        <li data-content-type=\"list_item\" data-appearance=\"liinventario\" data-filter=\"\" data-element=\"main\">\n          <h5 data-element=\"element_titolo\">96<\/h5>\n          <h6 data-element=\"element_sottotitolo\">Flash<\/h6>\n          <div class=\"medium-7 medium-offset-1 small-12 columns col-2\" data-element=\"element_content\">\n            <p>Piccole luci \u2044 Little lights<br>di \u2044 by Chiara Fauda Pichet<\/p>\n          <\/div>\n        <\/li>\n        <li data-content-type=\"list_item\" data-appearance=\"liinventario\" data-filter=\"\" data-element=\"main\">\n          <h5 data-element=\"element_titolo\">102<\/h5>\n          <h6 data-element=\"element_sottotitolo\">Portfolio. Fotografie, luce e architettura \/ Portfolio. Photographs, light and architecture<\/h6>\n          <div class=\"medium-7 medium-offset-1 small-12 columns col-2\" data-element=\"element_content\">\n            <p>H\u00e9l\u00e8ne Binet<br>di \u2044 by Michele Calzavara<\/p>\n          <\/div>\n        <\/li>\n        <li data-content-type=\"list_item\" data-appearance=\"liinventario\" data-filter=\"\" data-element=\"main\">\n          <h5 data-element=\"element_titolo\">122<\/h5>\n          <h6 data-element=\"element_sottotitolo\">Ante litteram<\/h6>\n          <div class=\"medium-7 medium-offset-1 small-12 columns col-2\" data-element=\"element_content\">\n            <p>Nanda Vigo<br>di \u2044 by Manolo De Giorgi<\/p>\n            <p><\/p>\n          <\/div>\n        <\/li>\n        <li data-content-type=\"list_item\" data-appearance=\"liinventario\" data-filter=\"\" data-element=\"main\">\n          <h5 data-element=\"element_titolo\">130<\/h5>\n          <h6 data-element=\"element_sottotitolo\"> Storie \/ Stories<\/h6>\n          <div class=\"medium-7 medium-offset-1 small-12 columns col-2\" data-element=\"element_content\">\n            <p>L\u2019altra faccia della luce \/ The other side of light<br>di \u2044 by Francesco M. Cataluccio<\/p>\n          <\/div>\n        <\/li>\n        <li data-content-type=\"list_item\" data-appearance=\"liinventario\" data-filter=\"\" data-element=\"main\">\n          <h5 data-element=\"element_titolo\">136<\/h5>\n          <h6 data-element=\"element_sottotitolo\">Nuovi orizzonti \/ New horizons<\/h6>\n          <div class=\"medium-7 medium-offset-1 small-12 columns col-2\" data-element=\"element_content\">\n            <p>Olafur Eliasson<br>di \u2044 by Francesco Garutti<\/p>\n          <\/div>\n        <\/li>\n        <li data-content-type=\"list_item\" data-appearance=\"liinventario\" data-filter=\"\" data-element=\"main\">\n          <h5 data-element=\"element_titolo\">148<\/h5>\n          <h6 data-element=\"element_sottotitolo\">Sguardi contemporanei \/ Contemporary gazes<\/h6>\n          <div class=\"medium-7 medium-offset-1 small-12 columns col-2\" data-element=\"element_content\">\n            <p>Fotografie: storie di luce \/ Photographs: stories of light<br>di \u2044 by Roberta Valtorta<\/p>\n          <\/div>\n        <\/li>\n        <li data-content-type=\"list_item\" data-appearance=\"liinventario\" data-filter=\"\" data-element=\"main\">\n          <h5 data-element=\"element_titolo\">168<\/h5>\n          <h6 data-element=\"element_sottotitolo\"> Punti di vista \/ Viewpoints<\/h6>\n          <div class=\"medium-7 medium-offset-1 small-12 columns col-2\" data-element=\"element_content\">\n            <p>Due arcobaleni \/ Two rainbows<br>di \u2044 by Manlio Brusatin<\/p>\n          <\/div>\n        <\/li>\n        <li data-content-type=\"list_item\" data-appearance=\"liinventario\" data-filter=\"\" data-element=\"main\">\n          <h5 data-element=\"element_titolo\">174<\/h5>\n          <h6 data-element=\"element_sottotitolo\"> Altri dialoghi \/ Other dialogues<\/h6>\n          <div class=\"medium-7 medium-offset-1 small-12 columns col-2\" data-element=\"element_content\">\n            <p>Arcobaleno \/ Rainbow<br>di \u2044 by Marco Vigan\u00f2<\/p>\n          <\/div>\n        <\/li>\n         <li data-content-type=\"list_item\" data-appearance=\"liinventario\" data-filter=\"\" data-element=\"main\">\n          <h5 data-element=\"element_titolo\">180<\/h5>\n          <h6 data-element=\"element_sottotitolo\"> Ieri e oggi \/ Yesterday and today<\/h6>\n          <div class=\"medium-7 medium-offset-1 small-12 columns col-2\" data-element=\"element_content\">\n            <p>To and Fro<br>di \u2044 by George Hardie<\/p>\n          <\/div>\n        <\/li>\n        <li data-content-type=\"list_item\" data-appearance=\"liinventario\" data-filter=\"\" data-element=\"main\">\n          <h5 data-element=\"element_titolo\">184<\/h5>\n          <h6 data-element=\"element_sottotitolo\"> Portfolio. Manifesti. Luce \/ Portfolio. Posters. Light<\/h6>\n          <div class=\"medium-7 medium-offset-1 small-12 columns col-2\" data-element=\"element_content\">\n            <p>A G Fronzoni<br>How Morgan<br>Paula Scher<br>Skolos-Wedell<br>Leonardo Sonnoli<br>di \u2044 by George Hardie, Paolo Bocchi<\/p>\n          <\/div>\n        <\/li>\n          <li data-content-type=\"list_item\" data-appearance=\"liinventario\" data-filter=\"\" data-element=\"main\">\n          <h5 data-element=\"element_titolo\">198<\/h5>\n          <h6 data-element=\"element_sottotitolo\"> Nuovi capolavori \/ New masterworks<\/h6>\n          <div class=\"medium-7 medium-offset-1 small-12 columns col-2\" data-element=\"element_content\">\n            <p>Adrian Paci Turn On, 2004<br>di \u2044 by Elisa Testori<\/p>\n          <\/div>\n        <\/li>\n          <li data-content-type=\"list_item\" data-appearance=\"liinventario\" data-filter=\"\" data-element=\"main\">\n          <h5 data-element=\"element_titolo\">202<\/h5>\n          <h6 data-element=\"element_sottotitolo\"> Design oltre il design \/ Desing beyond design<\/h6>\n          <div class=\"medium-7 medium-offset-1 small-12 columns col-2\" data-element=\"element_content\">\n            <p>Altre luci, altre lampade \/ Other lights, other lamps<br>di \u2044 by Marco Rain\u00f2<\/p>\n          <\/div>\n        <\/li>\n          <li data-content-type=\"list_item\" data-appearance=\"liinventario\" data-filter=\"\" data-element=\"main\">\n          <h5 data-element=\"element_titolo\">218<\/h5>\n          <h6 data-element=\"element_sottotitolo\"> Maestri \/ Masters<\/h6>\n          <div class=\"medium-7 medium-offset-1 small-12 columns col-2\" data-element=\"element_content\">\n            <p>Ingo Maurer<br>di \u2044 by Marco Romanelli<\/p>\n          <\/div>\n        <\/li>\n          <li data-content-type=\"list_item\" data-appearance=\"liinventario\" data-filter=\"\" data-element=\"main\">\n          <h5 data-element=\"element_titolo\">226<\/h5>\n          <h6 data-element=\"element_sottotitolo\"> Oggi e domani \/ Today and tomorrow<\/h6>\n          <div class=\"medium-7 medium-offset-1 small-12 columns col-2\" data-element=\"element_content\">\n            <p>Light + Tech<br>di \u2044 by Matteo Pirola<\/p>\n          <\/div>\n        <\/li>\n          <li data-content-type=\"list_item\" data-appearance=\"liinventario\" data-filter=\"\" data-element=\"main\">\n          <h5 data-element=\"element_titolo\">238<\/h5>\n          <h6 data-element=\"element_sottotitolo\"> Tra arte e design \/ Between art and design<\/h6>\n          <div class=\"medium-7 medium-offset-1 small-12 columns col-2\" data-element=\"element_content\">\n            <p>Lampadina \/ Light bulb<br>di \u2044 by Martina Sanzarello<\/p>\n          <\/div>\n        <\/li>\n          <li data-content-type=\"list_item\" data-appearance=\"liinventario\" data-filter=\"\" data-element=\"main\">\n          <h5 data-element=\"element_titolo\">250<\/h5>\n          <h6 data-element=\"element_sottotitolo\"> Portfolio. Altri tempi \/ Portfolio. Other times<\/h6>\n          <div class=\"medium-7 medium-offset-1 small-12 columns col-2\" data-element=\"element_content\">\n            <p>Jos\u00e9 Antonio Su\u00e1rez Londo\u00f1o<br>di \u2044 by Stefano Salis<\/p>\n          <\/div>\n        <\/li>\n      <\/ul>\n    <\/div>\n  <\/div>\n<\/div><section class=\"world__book \">\n    <div class=\"row\">\n        <div class=\"medium-8 small-12 columns\">\n            <div class=\"ct-text\">\n                <p class=\"subtitle js-heading\">DAS BUCH<\/p>\n                <div class=\"title-medium js-heading\"><p>Fare Luce<\/p>\n<\/div>\n                <div class=\"text-2 js-heading\"><p>Fare Luce bedeutet, von den gro\u00dfen Denkern von gestern und heute zu lernen, dass die Intelligenzen, Erfindungen und Emotionen rund um das Thema Licht vielf\u00e4ltig und unterschiedlich sein k\u00f6nnen: wandelbar und magisch, kultiviert und entwaffnend, sanft und immateriell, verbl\u00fcffend und wirkungsvoll. Fare Luce versammelt Projekte, die \u00fcber Licht sprechen, dank qualitativ hochwertiger kritischer Beitr\u00e4ge, einer reichen ikonografischen Dokumentation und exklusiver k\u00fcnstlerischer Beitr\u00e4ge.<\/p>\n<\/div>\n                                    <div class=\"center-mobile\">\n                        <a class=\"link-bg \" href=\"https:\/\/corraini.com\/it\/fare-luce.html\" data-name=\"fare-luce.html\" >Bestellen Sie das Buch<\/a>\n                    <\/div>\n                            <\/div>\n        <\/div>\n        <div class=\"medium-4 small-12 columns\">\n            <div class=\"ct-text-right\">\n                                    <img decoding=\"async\" src=\"https:\/\/www.foscarini.com\/wp-content\/uploads\/2024\/07\/MODULO_LIBRO_FAR-LUCE-150x150.png\" srcset=\"https:\/\/www.foscarini.com\/wp-content\/uploads\/2024\/07\/MODULO_LIBRO_FAR-LUCE-257x300.png 257w, https:\/\/www.foscarini.com\/wp-content\/uploads\/2024\/07\/MODULO_LIBRO_FAR-LUCE.png 740w\" alt=\"\" \/>\n                                    <div class=\"text-2\"><\/div>\n\n                            <\/div>\n        <\/div>\n    <\/div>\n<\/section><section class=\"world__first_block bg-full\">\n\n            <img decoding=\"async\" class=\"image-principal show-desktop only-desktop\" src=\"https:\/\/www.foscarini.com\/wp-content\/uploads\/2024\/07\/banner-inventario-150x150.jpg\" srcset=\"https:\/\/www.foscarini.com\/wp-content\/uploads\/2024\/07\/banner-inventario-300x166.jpg 300w, https:\/\/www.foscarini.com\/wp-content\/uploads\/2024\/07\/banner-inventario-1024x567.jpg 1024w, https:\/\/www.foscarini.com\/wp-content\/uploads\/2024\/07\/banner-inventario-768x426.jpg 768w, https:\/\/www.foscarini.com\/wp-content\/uploads\/2024\/07\/banner-inventario-1536x851.jpg 1536w, https:\/\/www.foscarini.com\/wp-content\/uploads\/2024\/07\/banner-inventario-800x443.jpg 800w, https:\/\/www.foscarini.com\/wp-content\/uploads\/2024\/07\/banner-inventario.jpg 1920w\" alt=\"\" \/>\n        \n    \n    \n\n    <div class=\"row full-height-vh\">\n        <div class=\"small-12 col-1 medium-5 medium-offset-7 columns\">\n            <span class=\"subtitle\"><\/span>\n        <\/div>\n        <div class=\"small-12 col-2 medium-5 medium-offset-7  columns align-self-bottom\">\n            <div class=\"ct-text\">\n                <div class=\"title-big js-heading\"><p>Inventario \u2014<br \/>\nTutto \u00e8 progetto.<\/p>\n<\/div>\n                <div class=\"text-1 js-heading\"><p>Ein Editorialprojekt, das alle Disziplinen beleuchtet, die von Kreativit\u00e4t gen\u00e4hrt werden.<\/p>\n<\/div>\n                <div class=\"ct-bottom\">\n                                                        <a class=\"link-bg\" href=\"https:\/\/www.foscarini.com\/de\/inventario\/\" >Zur\u00fcck zu Inventario<\/a>\n                                                                        <\/div>\n            <\/div>\n        <\/div>\n    <\/div>\n<\/section>","protected":false},"excerpt":{"rendered":"<p>Index 12 Ping Pong Fare Luce \u2044 Shedding Lightdi \u2044 by Beppe Finessi 36 Capolavori \u2044 Masterworks Alighiero Boetti Lampada annuale, 1966di \u2044 by Corrado Levi 38 Tandem Luce ad Arte \/ Artful Lightingdi \u2044 by Giacinto Di Pietrantonio 68 Luci e pensieri \u2044 Lights and thoughts Maurizio Nannuccidi \u2044 by Marco Belpoliti, Damiano Gull\u00ec [&hellip;]<\/p>\n","protected":false},"author":10,"featured_media":303946,"parent":0,"menu_order":0,"comment_status":"closed","ping_status":"closed","template":"","meta":{"_acf_changed":false,"footnotes":""},"class_list":["post-303936","page","type-page","status-publish","has-post-thumbnail","hentry"],"acf":{"preview_slider":{"titolo":"Fare Luce","testo":"Ein Buch, das das Thema Licht untersucht, mit Beitr\u00e4gen aus den Bereichen Architektur, Design, Kunst, Grafik, Fotografie und Illustration.","video_domanda":false,"link_video":""}},"yoast_head":"<!-- This site is optimized with the Yoast SEO Premium plugin v22.4 (Yoast SEO v23.7) - https:\/\/yoast.com\/wordpress\/plugins\/seo\/ -->\n<title>Fare Luce - Foscarini<\/title>\n<meta name=\"description\" content=\"Contributi critici e artistici nel libro Fare Luce di Foscarini e Beppe Finessi: la luce attraverso l&#039;architettura, design, arte e fotografia\" \/>\n<meta name=\"robots\" content=\"index, follow, max-snippet:-1, max-image-preview:large, max-video-preview:-1\" \/>\n<meta property=\"og:locale\" content=\"de_DE\" \/>\n<meta property=\"og:type\" content=\"article\" \/>\n<meta property=\"og:title\" content=\"Fare Luce\" \/>\n<meta property=\"og:description\" content=\"Contributi critici e artistici nel libro Fare Luce di Foscarini e Beppe Finessi: la luce attraverso l&#039;architettura, design, arte e fotografia\" \/>\n<meta property=\"og:url\" content=\"https:\/\/www.foscarini.com\/de\/fare-luce\/\" \/>\n<meta property=\"og:site_name\" content=\"Foscarini\" \/>\n<meta property=\"article:modified_time\" content=\"2024-08-07T14:25:35+00:00\" \/>\n<meta property=\"og:image\" content=\"https:\/\/www.foscarini.com\/wp-content\/uploads\/2024\/07\/Fare-luce-mockup-header.jpg\" \/>\n\t<meta property=\"og:image:width\" content=\"1776\" \/>\n\t<meta property=\"og:image:height\" content=\"1326\" \/>\n\t<meta property=\"og:image:type\" content=\"image\/jpeg\" \/>\n<meta name=\"twitter:card\" content=\"summary_large_image\" \/>\n<meta name=\"twitter:label1\" content=\"Gesch\u00e4tzte Lesezeit\" \/>\n\t<meta name=\"twitter:data1\" content=\"3\u00a0Minuten\" \/>\n<script type=\"application\/ld+json\" class=\"yoast-schema-graph\">{\"@context\":\"https:\/\/schema.org\",\"@graph\":[{\"@type\":\"WebPage\",\"@id\":\"https:\/\/www.foscarini.com\/de\/fare-luce\/\",\"url\":\"https:\/\/www.foscarini.com\/de\/fare-luce\/\",\"name\":\"Fare Luce - Foscarini\",\"isPartOf\":{\"@id\":\"https:\/\/www.foscarini.com\/#website\"},\"primaryImageOfPage\":{\"@id\":\"https:\/\/www.foscarini.com\/de\/fare-luce\/#primaryimage\"},\"image\":{\"@id\":\"https:\/\/www.foscarini.com\/de\/fare-luce\/#primaryimage\"},\"thumbnailUrl\":\"https:\/\/www.foscarini.com\/wp-content\/uploads\/2024\/07\/Fare-luce-mockup-header.jpg\",\"datePublished\":\"2024-07-18T12:55:25+00:00\",\"dateModified\":\"2024-08-07T14:25:35+00:00\",\"description\":\"Contributi critici e artistici nel libro Fare Luce di Foscarini e Beppe Finessi: la luce attraverso l'architettura, design, arte e fotografia\",\"breadcrumb\":{\"@id\":\"https:\/\/www.foscarini.com\/de\/fare-luce\/#breadcrumb\"},\"inLanguage\":\"de\",\"potentialAction\":[{\"@type\":\"ReadAction\",\"target\":[\"https:\/\/www.foscarini.com\/de\/fare-luce\/\"]}]},{\"@type\":\"ImageObject\",\"inLanguage\":\"de\",\"@id\":\"https:\/\/www.foscarini.com\/de\/fare-luce\/#primaryimage\",\"url\":\"https:\/\/www.foscarini.com\/wp-content\/uploads\/2024\/07\/Fare-luce-mockup-header.jpg\",\"contentUrl\":\"https:\/\/www.foscarini.com\/wp-content\/uploads\/2024\/07\/Fare-luce-mockup-header.jpg\",\"width\":1776,\"height\":1326},{\"@type\":\"BreadcrumbList\",\"@id\":\"https:\/\/www.foscarini.com\/de\/fare-luce\/#breadcrumb\",\"itemListElement\":[{\"@type\":\"ListItem\",\"position\":1,\"name\":\"Home\",\"item\":\"https:\/\/www.foscarini.com\/de\/\"},{\"@type\":\"ListItem\",\"position\":2,\"name\":\"Fare Luce\"}]},{\"@type\":\"WebSite\",\"@id\":\"https:\/\/www.foscarini.com\/#website\",\"url\":\"https:\/\/www.foscarini.com\/\",\"name\":\"Foscarini\",\"description\":\"\",\"potentialAction\":[{\"@type\":\"SearchAction\",\"target\":{\"@type\":\"EntryPoint\",\"urlTemplate\":\"https:\/\/www.foscarini.com\/?s={search_term_string}\"},\"query-input\":{\"@type\":\"PropertyValueSpecification\",\"valueRequired\":true,\"valueName\":\"search_term_string\"}}],\"inLanguage\":\"de\"}]}<\/script>\n<!-- \/ Yoast SEO Premium plugin. -->","yoast_head_json":{"title":"Fare Luce - Foscarini","description":"Contributi critici e artistici nel libro Fare Luce di Foscarini e Beppe Finessi: la luce attraverso l'architettura, design, arte e fotografia","robots":{"index":"index","follow":"follow","max-snippet":"max-snippet:-1","max-image-preview":"max-image-preview:large","max-video-preview":"max-video-preview:-1"},"og_locale":"de_DE","og_type":"article","og_title":"Fare Luce","og_description":"Contributi critici e artistici nel libro Fare Luce di Foscarini e Beppe Finessi: la luce attraverso l'architettura, design, arte e fotografia","og_url":"https:\/\/www.foscarini.com\/de\/fare-luce\/","og_site_name":"Foscarini","article_modified_time":"2024-08-07T14:25:35+00:00","og_image":[{"width":1776,"height":1326,"url":"https:\/\/www.foscarini.com\/wp-content\/uploads\/2024\/07\/Fare-luce-mockup-header.jpg","type":"image\/jpeg"}],"twitter_card":"summary_large_image","twitter_misc":{"Gesch\u00e4tzte Lesezeit":"3\u00a0Minuten"},"schema":{"@context":"https:\/\/schema.org","@graph":[{"@type":"WebPage","@id":"https:\/\/www.foscarini.com\/de\/fare-luce\/","url":"https:\/\/www.foscarini.com\/de\/fare-luce\/","name":"Fare Luce - Foscarini","isPartOf":{"@id":"https:\/\/www.foscarini.com\/#website"},"primaryImageOfPage":{"@id":"https:\/\/www.foscarini.com\/de\/fare-luce\/#primaryimage"},"image":{"@id":"https:\/\/www.foscarini.com\/de\/fare-luce\/#primaryimage"},"thumbnailUrl":"https:\/\/www.foscarini.com\/wp-content\/uploads\/2024\/07\/Fare-luce-mockup-header.jpg","datePublished":"2024-07-18T12:55:25+00:00","dateModified":"2024-08-07T14:25:35+00:00","description":"Contributi critici e artistici nel libro Fare Luce di Foscarini e Beppe Finessi: la luce attraverso l'architettura, design, arte e fotografia","breadcrumb":{"@id":"https:\/\/www.foscarini.com\/de\/fare-luce\/#breadcrumb"},"inLanguage":"de","potentialAction":[{"@type":"ReadAction","target":["https:\/\/www.foscarini.com\/de\/fare-luce\/"]}]},{"@type":"ImageObject","inLanguage":"de","@id":"https:\/\/www.foscarini.com\/de\/fare-luce\/#primaryimage","url":"https:\/\/www.foscarini.com\/wp-content\/uploads\/2024\/07\/Fare-luce-mockup-header.jpg","contentUrl":"https:\/\/www.foscarini.com\/wp-content\/uploads\/2024\/07\/Fare-luce-mockup-header.jpg","width":1776,"height":1326},{"@type":"BreadcrumbList","@id":"https:\/\/www.foscarini.com\/de\/fare-luce\/#breadcrumb","itemListElement":[{"@type":"ListItem","position":1,"name":"Home","item":"https:\/\/www.foscarini.com\/de\/"},{"@type":"ListItem","position":2,"name":"Fare Luce"}]},{"@type":"WebSite","@id":"https:\/\/www.foscarini.com\/#website","url":"https:\/\/www.foscarini.com\/","name":"Foscarini","description":"","potentialAction":[{"@type":"SearchAction","target":{"@type":"EntryPoint","urlTemplate":"https:\/\/www.foscarini.com\/?s={search_term_string}"},"query-input":{"@type":"PropertyValueSpecification","valueRequired":true,"valueName":"search_term_string"}}],"inLanguage":"de"}]}},"_links":{"self":[{"href":"https:\/\/www.foscarini.com\/de\/wp-json\/wp\/v2\/pages\/303936"}],"collection":[{"href":"https:\/\/www.foscarini.com\/de\/wp-json\/wp\/v2\/pages"}],"about":[{"href":"https:\/\/www.foscarini.com\/de\/wp-json\/wp\/v2\/types\/page"}],"author":[{"embeddable":true,"href":"https:\/\/www.foscarini.com\/de\/wp-json\/wp\/v2\/users\/10"}],"replies":[{"embeddable":true,"href":"https:\/\/www.foscarini.com\/de\/wp-json\/wp\/v2\/comments?post=303936"}],"version-history":[{"count":7,"href":"https:\/\/www.foscarini.com\/de\/wp-json\/wp\/v2\/pages\/303936\/revisions"}],"predecessor-version":[{"id":304520,"href":"https:\/\/www.foscarini.com\/de\/wp-json\/wp\/v2\/pages\/303936\/revisions\/304520"}],"wp:featuredmedia":[{"embeddable":true,"href":"https:\/\/www.foscarini.com\/de\/wp-json\/wp\/v2\/media\/303946"}],"wp:attachment":[{"href":"https:\/\/www.foscarini.com\/de\/wp-json\/wp\/v2\/media?parent=303936"}],"curies":[{"name":"wp","href":"https:\/\/api.w.org\/{rel}","templated":true}]}}